{"id":6,"date":"2022-03-18T20:45:00","date_gmt":"2022-03-18T19:45:00","guid":{"rendered":"https:\/\/www.ksg-badminton.de\/Badminton\/?page_id=6"},"modified":"2026-03-21T23:49:12","modified_gmt":"2026-03-21T22:49:12","slug":"die-abteilung","status":"publish","type":"page","link":"https:\/\/www.ksg-badminton.de\/Badminton\/die-abteilung\/","title":{"rendered":"Abteilung"},"content":{"rendered":"\n<div class=\"wp-block-columns is-layout-flex wp-container-core-columns-is-layout-9d6595d7 wp-block-columns-is-layout-flex\">\n<div class=\"wp-block-column is-layout-flow wp-block-column-is-layout-flow\"><div class=\"wp-block-image\">\n<figure class=\"aligncenter size-full is-resized\"><img loading=\"lazy\" decoding=\"async\" width=\"480\" height=\"640\" src=\"https:\/\/www.ksg-badminton.de\/Badminton\/wp-content\/uploads\/2026\/03\/AL1.jpg\" alt=\"\" class=\"wp-image-1065\" style=\"width:174px\" srcset=\"https:\/\/www.ksg-badminton.de\/Badminton\/wp-content\/uploads\/2026\/03\/AL1.jpg 480w, https:\/\/www.ksg-badminton.de\/Badminton\/wp-content\/uploads\/2026\/03\/AL1-225x300.jpg 225w\" sizes=\"auto, (max-width: 480px) 100vw, 480px\" \/><figcaption class=\"wp-element-caption\"><strong>Abteilungsleiter<\/strong><br>Marcus Gall<\/figcaption><\/figure>\n<\/div>\n\n<div class=\"wp-block-image\">\n<figure class=\"aligncenter size-full\"><a href=\"http:\/\/ksg-badminton.de\/Kontakt\/Kontakt_abteilungsleiter.php\" target=\"_blank\" rel=\"http:\/\/ksg-badminton.de\/Kontakt\/Kontakt_abteilungsleiter.php noreferrer noopener\"><img loading=\"lazy\" decoding=\"async\" width=\"55\" height=\"60\" src=\"https:\/\/www.ksg-badminton.de\/Badminton\/wp-content\/uploads\/2023\/05\/eMail1.gif\" alt=\"\" class=\"wp-image-278\"\/><\/a><\/figure>\n<\/div><\/div>\n\n\n\n<div class=\"wp-block-column is-layout-flow wp-block-column-is-layout-flow\"><div class=\"wp-block-image\">\n<figure class=\"aligncenter size-full is-resized\"><img loading=\"lazy\" decoding=\"async\" width=\"245\" height=\"300\" src=\"https:\/\/www.ksg-badminton.de\/Badminton\/wp-content\/uploads\/2023\/08\/AL2.jpg\" alt=\"\" class=\"wp-image-370\" style=\"object-fit:contain;width:undefinedpx;height:210px\"\/><figcaption class=\"wp-element-caption\"><strong>Stv Abteilungsleiter<\/strong><br>Frederik Wahl<\/figcaption><\/figure>\n<\/div><\/div>\n<\/div>\n\n\n\n<h3 class=\"wp-block-heading\"><strong>weitere Vorstandsmitglieder<\/strong><\/h3>\n\n\n\n<figure class=\"wp-block-table is-style-stripes\"><table class=\"has-fixed-layout\"><tbody><tr><td><strong>Kassierer:<\/strong><\/td><td class=\"has-text-align-left\" data-align=\"left\">Ingo Opferkuch<\/td><\/tr><tr><td><strong>Jugendleiterin:<\/strong><\/td><td class=\"has-text-align-left\" data-align=\"left\">Ute Heimann<\/td><\/tr><tr><td><strong>Jugendsprecher\/in:<\/strong><\/td><td class=\"has-text-align-left\" data-align=\"left\">Jessica Knobloch<br>Simon Nieder<\/td><\/tr><tr><td><strong>Sportwart:<\/strong><\/td><td class=\"has-text-align-left\" data-align=\"left\">Christoph Heck<\/td><\/tr><\/tbody><\/table><\/figure>\n\n\n\n<h3 class=\"wp-block-heading\"><strong>Trainerstab<\/strong><\/h3>\n\n\n\n<figure class=\"wp-block-table is-style-stripes\"><table class=\"has-fixed-layout\"><tbody><tr><td><strong>Jugend \u00dcbungsleiterin<\/strong><\/td><td class=\"has-text-align-left\" data-align=\"left\">Ute Heimann<\/td><\/tr><tr><td><strong>Jugend Trainer<\/strong><\/td><td class=\"has-text-align-left\" data-align=\"left\">Danijel Hoischer<\/td><\/tr><tr><td><strong>Jugend \u00dcbungsleiter<\/strong><\/td><td class=\"has-text-align-left\" data-align=\"left\">Marcus Gall<\/td><\/tr><tr><td><strong><strong>Jugend \u00dcbungsleiter<\/strong><\/strong><\/td><td class=\"has-text-align-left\" data-align=\"left\">Patrick Heimann<\/td><\/tr><tr><td><strong><strong>Jugend \u00dcbungsleiter<\/strong><\/strong><\/td><td class=\"has-text-align-left\" data-align=\"left\">Patrick Schneider<\/td><\/tr><tr><td><strong><strong>Jugend Trainer<\/strong><\/strong><\/td><td class=\"has-text-align-left\" data-align=\"left\">Marc Ebert<\/td><\/tr><\/tbody><\/table><\/figure>\n\n\n\n<h3 class=\"wp-block-heading\"><strong>Mannschaftsf\u00fchrer<\/strong><\/h3>\n\n\n\n<figure class=\"wp-block-table is-style-stripes\"><table class=\"has-fixed-layout\"><tbody><tr><td><strong>Gerlingen 1<\/strong><\/td><td class=\"has-text-align-left\" data-align=\"left\">Patrick Heimann<\/td><\/tr><tr><td><strong>Gerlingen 2<\/strong><\/td><td class=\"has-text-align-left\" data-align=\"left\">Liam Leder<\/td><\/tr><\/tbody><\/table><\/figure>\n\n\n\n<p><\/p>\n\n\n\n<h3 class=\"wp-block-heading\"><strong>Webmaster<\/strong><\/h3>\n\n\n\n<figure class=\"wp-block-table is-style-stripes\"><table class=\"has-fixed-layout\"><tbody><tr><td><strong>Tobias Schlo\u00dfmann<\/strong><\/td><td class=\"has-text-align-left\" data-align=\"left\"><a href=\"http:\/\/ksg-badminton.de\/Kontakt\/Kontakt_webmaster.php\" target=\"_blank\" rel=\"noreferrer noopener\"><img loading=\"lazy\" decoding=\"async\" width=\"55\" height=\"60\" class=\"wp-image-278\" style=\"width: 55px;\" src=\"https:\/\/www.ksg-badminton.de\/Badminton\/wp-content\/uploads\/2023\/05\/eMail1.gif\" alt=\"\"><\/a><\/td><\/tr><\/tbody><\/table><\/figure>\n\n\n\n<p><br><br>Stand: 14.03.2026<\/p>\n","protected":false},"excerpt":{"rendered":"<p>weitere Vorstandsmitglieder Kassierer: Ingo Opferkuch Jugendleiterin: Ute Heimann Jugendsprecher\/in: Jessica KnoblochSimon Nieder Sportwart: Christoph Heck Trainerstab Jugend \u00dcbungsleiterin Ute Heimann Jugend Trainer Danijel Hoischer Jugend \u00dcbungsleiter Marcus Gall Jugend \u00dcbungsleiter Patrick Heimann Jugend \u00dcbungsleiter Patrick Schneider Jugend Trainer Marc Ebert Mannschaftsf\u00fchrer Gerlingen 1 Patrick Heimann Gerlingen 2 Liam Leder Webmaster&#8230;<\/p>\n","protected":false},"author":1,"featured_media":0,"parent":0,"menu_order":0,"comment_status":"closed","ping_status":"closed","template":"","meta":{"footnotes":""},"ppma_author":[13],"class_list":["post-6","page","type-page","status-publish","hentry"],"_links":{"self":[{"href":"https:\/\/www.ksg-badminton.de\/Badminton\/wp-json\/wp\/v2\/pages\/6","targetHints":{"allow":["GET"]}}],"collection":[{"href":"https:\/\/www.ksg-badminton.de\/Badminton\/wp-json\/wp\/v2\/pages"}],"about":[{"href":"https:\/\/www.ksg-badminton.de\/Badminton\/wp-json\/wp\/v2\/types\/page"}],"author":[{"embeddable":true,"href":"https:\/\/www.ksg-badminton.de\/Badminton\/wp-json\/wp\/v2\/users\/1"}],"replies":[{"embeddable":true,"href":"https:\/\/www.ksg-badminton.de\/Badminton\/wp-json\/wp\/v2\/comments?post=6"}],"version-history":[{"count":44,"href":"https:\/\/www.ksg-badminton.de\/Badminton\/wp-json\/wp\/v2\/pages\/6\/revisions"}],"predecessor-version":[{"id":1079,"href":"https:\/\/www.ksg-badminton.de\/Badminton\/wp-json\/wp\/v2\/pages\/6\/revisions\/1079"}],"wp:attachment":[{"href":"https:\/\/www.ksg-badminton.de\/Badminton\/wp-json\/wp\/v2\/media?parent=6"}],"wp:term":[{"taxonomy":"author","embeddable":true,"href":"https:\/\/www.ksg-badminton.de\/Badminton\/wp-json\/wp\/v2\/ppma_author?post=6"}],"curies":[{"name":"wp","href":"https:\/\/api.w.org\/{rel}","templated":true}]}}